{"id":593,"date":"2015-07-28T15:13:58","date_gmt":"2015-07-28T14:13:58","guid":{"rendered":"http:\/\/www.parckruger.com\/?page_id=593"},"modified":"2015-08-18T15:00:55","modified_gmt":"2015-08-18T14:00:55","slug":"berg-en-dal-camp","status":"publish","type":"page","link":"https:\/\/www.parckruger.com\/nl\/berg-en-dal-camp\/","title":{"rendered":"BERG EN DAL CAMP"},"content":{"rendered":"<p>[et_pb_section transparent_background=\u00a0\u00bboff\u00a0\u00bb background_color=\u00a0\u00bb#000000&Prime; allow_player_pause=\u00a0\u00bboff\u00a0\u00bb inner_shadow=\u00a0\u00bboff\u00a0\u00bb parallax=\u00a0\u00bboff\u00a0\u00bb parallax_method=\u00a0\u00bboff\u00a0\u00bb padding_mobile=\u00a0\u00bboff\u00a0\u00bb make_fullwidth=\u00a0\u00bboff\u00a0\u00bb use_custom_width=\u00a0\u00bboff\u00a0\u00bb width_unit=\u00a0\u00bbon\u00a0\u00bb make_equal=\u00a0\u00bboff\u00a0\u00bb use_custom_gutter=\u00a0\u00bboff\u00a0\u00bb][et_pb_row][et_pb_column type=\u00a0\u00bb4_4&Prime;][et_pb_text admin_label=\u00a0\u00bbTexte\u00a0\u00bb background_layout=\u00a0\u00bblight\u00a0\u00bb text_orientation=\u00a0\u00bbcenter\u00a0\u00bb use_border_color=\u00a0\u00bboff\u00a0\u00bb border_color=\u00a0\u00bb#ffffff\u00a0\u00bb border_style=\u00a0\u00bbsolid\u00a0\u00bb text_font=\u00a0\u00bb|on|||\u00a0\u00bb text_font_size=\u00a0\u00bb40&Prime; text_letter_spacing=\u00a0\u00bb2px\u00a0\u00bb text_text_color=\u00a0\u00bb#ffffff\u00a0\u00bb]<\/p>\n<p>BERG EN DAL CAMP<\/p>\n<p>[\/et_pb_text][et_pb_text admin_label=\u00a0\u00bbTexte\u00a0\u00bb background_layout=\u00a0\u00bblight\u00a0\u00bb text_orientation=\u00a0\u00bbcenter\u00a0\u00bb use_border_color=\u00a0\u00bboff\u00a0\u00bb border_color=\u00a0\u00bb#ffffff\u00a0\u00bb border_style=\u00a0\u00bbsolid\u00a0\u00bb text_text_color=\u00a0\u00bb#ffffff\u00a0\u00bb]<\/p>\n<p>Le camp de Berg en Dal est tr\u00e8s populaire car dans le Kruger, il est l\u2019un des plus r\u00e9cent (construit en 1984).\u00a0 Il est connu car on observe, sur la randonn\u00e9e appel\u00e9e Bushman Trail, des peintures originales de la tribu San.\u00a0 La protection de cette zone historique est tr\u00e8s probablement la raison pour laquelle ce camp y f\u00fbt \u00e9rig\u00e9.\u00a0Il n\u2019a pas la taille des g\u00e9ants comme Skukuza ou Lower Sabie ce qui participe \u00e0 mon avis grandement \u00e0 son charme.\u00a0 Il est situ\u00e9 \u00e0 seulement 10 kms de la gate de Malelane.\u00a0 Vous arriverez alors sur la\u00a0N4 \u00e0 mis chemin entre Nelspruit et la fronti\u00e8re Mozambicaine, le Swaziland est tout proche.<\/p>\n<p>[\/et_pb_text][\/et_pb_column][\/et_pb_row][\/et_pb_section][et_pb_section fullwidth=\u00a0\u00bboff\u00a0\u00bb specialty=\u00a0\u00bboff\u00a0\u00bb transparent_background=\u00a0\u00bboff\u00a0\u00bb background_color=\u00a0\u00bb#000000&Prime; allow_player_pause=\u00a0\u00bboff\u00a0\u00bb inner_shadow=\u00a0\u00bboff\u00a0\u00bb parallax=\u00a0\u00bboff\u00a0\u00bb parallax_method=\u00a0\u00bboff\u00a0\u00bb padding_mobile=\u00a0\u00bboff\u00a0\u00bb make_fullwidth=\u00a0\u00bboff\u00a0\u00bb use_custom_width=\u00a0\u00bboff\u00a0\u00bb width_unit=\u00a0\u00bbon\u00a0\u00bb make_equal=\u00a0\u00bboff\u00a0\u00bb use_custom_gutter=\u00a0\u00bboff\u00a0\u00bb][et_pb_row][et_pb_column type=\u00a0\u00bb1_3&Prime;][et_pb_text admin_label=\u00a0\u00bbTexte\u00a0\u00bb background_layout=\u00a0\u00bblight\u00a0\u00bb text_orientation=\u00a0\u00bbleft\u00a0\u00bb use_border_color=\u00a0\u00bboff\u00a0\u00bb border_color=\u00a0\u00bb#ffffff\u00a0\u00bb border_style=\u00a0\u00bbsolid\u00a0\u00bb text_text_color=\u00a0\u00bb#ffffff\u00a0\u00bb background_color=\u00a0\u00bb#000000&Prime;]<\/p>\n<h1 style=\"text-align: center;\"><strong><span style=\"color: #ff6600;\">Notre opinion\u00a0:<\/span><\/strong><\/h1>\n<p>Les + :<\/p>\n<ul>\n<li>La situation est bonne, on y observe beaucoup d\u2019animaux<\/li>\n<li>Facilement accessible,<em> poorten<\/em> et autres camps<\/li>\n<\/ul>\n<p>Les &#8211; :<\/p>\n<ul>\n<li>Veillot, le camp est propre mais vraiment pas moderne<\/li>\n<li>Un camp basique<\/li>\n<\/ul>\n<p>C\u2019est un camp paisible, voir calme, il y a un grand lac donc avec pas mal de passage, moins que le long des rivi\u00e8res mais suffisamment que pour vous offrir de superbes safaris.\u00a0 Sa position en fait un camp difficile \u00e0 mettre sur un itin\u00e9raire qui traversera en partie le parc kruger et en m\u00eame temps il est facilement accessible pour qui souhaite faire une rapide incursion dans le parc (depuis la Swaziland ou Nelspruit par exemple).\u00a0\u00a0 R\u00e9cent et donc contrairement \u00e0 d\u2019autre, pas encore r\u00e9nov\u00e9.\u00a0 C\u2019est vieillot, et, personnellement, je trouve qu\u2019il ne fait pas partie des plus beaux camps nationaux propos\u00e9s par SANPARKS.<\/p>\n<p>&nbsp;<\/p>\n<p>[\/et_pb_text][\/et_pb_column][et_pb_column type=\u00a0\u00bb1_3&Prime;][et_pb_text admin_label=\u00a0\u00bbTexte\u00a0\u00bb background_layout=\u00a0\u00bblight\u00a0\u00bb text_orientation=\u00a0\u00bbleft\u00a0\u00bb use_border_color=\u00a0\u00bboff\u00a0\u00bb border_color=\u00a0\u00bb#ffffff\u00a0\u00bb border_style=\u00a0\u00bbsolid\u00a0\u00bb text_text_color=\u00a0\u00bb#ffffff\u00a0\u00bb]<\/p>\n<h1 style=\"text-align: center;\"><span style=\"color: #ff6600;\"><strong>Facilit\u00e9s :\u00a0<\/strong><\/span><\/h1>\n<p style=\"text-align: center;\">Laundromat<br \/>\nCyber caf\u00e9 &#8211; R\u00e9seau LAN; Non Wi-Fi<br \/>\nCellule accueil t\u00e9l\u00e9phonique &#8211; 3G capable<br \/>\nEssence \/ Station d&rsquo;essence<br \/>\ninstallations de pique-nique<br \/>\nCaf\u00e9t\u00e9ria; boutique<br \/>\nauditorium Film<br \/>\nSalles de conf\u00e9rence<br \/>\nLes premiers soins de base<br \/>\nService routier d&rsquo;urgence<br \/>\nLes t\u00e9l\u00e9phones publics; bo\u00eete aux lettres<br \/>\nDSTV limit\u00e9e uniquement disponible dans les Maisons d&rsquo;h\u00f4tes<br \/>\nPiscine (pour les r\u00e9sidents durant la nuit seulement)<br \/>\nCuisine et salle de bain\u00a0Communal<\/p>\n<p>&nbsp;<\/p>\n<p>&nbsp;<\/p>\n<p>&nbsp;<\/p>\n<p>[\/et_pb_text][\/et_pb_column][et_pb_column type=\u00a0\u00bb1_3&Prime;][et_pb_image admin_label=\u00a0\u00bbImage\u00a0\u00bb src=\u00a0\u00bbhttp:\/\/www.parckruger.com\/wp-content\/uploads\/2015\/07\/1-berg-en-dal-restcamp-480.jpg\u00a0\u00bb show_in_lightbox=\u00a0\u00bbon\u00a0\u00bb url_new_window=\u00a0\u00bboff\u00a0\u00bb animation=\u00a0\u00bbright\u00a0\u00bb sticky=\u00a0\u00bboff\u00a0\u00bb align=\u00a0\u00bbleft\u00a0\u00bb force_fullwidth=\u00a0\u00bbon\u00a0\u00bb always_center_on_mobile=\u00a0\u00bbon\u00a0\u00bb use_border_color=\u00a0\u00bboff\u00a0\u00bb border_color=\u00a0\u00bb#ffffff\u00a0\u00bb border_style=\u00a0\u00bbsolid\u00a0\u00bb max_width=\u00a0\u00bb300&Prime;] [\/et_pb_image][et_pb_image admin_label=\u00a0\u00bbImage\u00a0\u00bb src=\u00a0\u00bbhttp:\/\/www.parckruger.com\/wp-content\/uploads\/2015\/07\/Berg-en-dal-bungalow-DSCN1983.jpg\u00a0\u00bb show_in_lightbox=\u00a0\u00bbon\u00a0\u00bb url_new_window=\u00a0\u00bboff\u00a0\u00bb animation=\u00a0\u00bbleft\u00a0\u00bb sticky=\u00a0\u00bbon\u00a0\u00bb align=\u00a0\u00bbcenter\u00a0\u00bb force_fullwidth=\u00a0\u00bbon\u00a0\u00bb always_center_on_mobile=\u00a0\u00bbon\u00a0\u00bb use_border_color=\u00a0\u00bboff\u00a0\u00bb border_color=\u00a0\u00bb#ffffff\u00a0\u00bb border_style=\u00a0\u00bbsolid\u00a0\u00bb max_width=\u00a0\u00bb300&Prime;] [\/et_pb_image][\/et_pb_column][\/et_pb_row][\/et_pb_section][et_pb_section fullwidth=\u00a0\u00bboff\u00a0\u00bb specialty=\u00a0\u00bboff\u00a0\u00bb transparent_background=\u00a0\u00bboff\u00a0\u00bb background_color=\u00a0\u00bb#000000&Prime; allow_player_pause=\u00a0\u00bboff\u00a0\u00bb inner_shadow=\u00a0\u00bboff\u00a0\u00bb parallax=\u00a0\u00bboff\u00a0\u00bb parallax_method=\u00a0\u00bboff\u00a0\u00bb padding_mobile=\u00a0\u00bboff\u00a0\u00bb make_fullwidth=\u00a0\u00bboff\u00a0\u00bb use_custom_width=\u00a0\u00bboff\u00a0\u00bb width_unit=\u00a0\u00bbon\u00a0\u00bb make_equal=\u00a0\u00bboff\u00a0\u00bb use_custom_gutter=\u00a0\u00bboff\u00a0\u00bb][et_pb_row][et_pb_column type=\u00a0\u00bb1_2&Prime;][et_pb_image admin_label=\u00a0\u00bbImage\u00a0\u00bb src=\u00a0\u00bbhttp:\/\/www.parckruger.com\/wp-content\/uploads\/2015\/07\/carte-berg-en-dal.jpeg\u00a0\u00bb show_in_lightbox=\u00a0\u00bbon\u00a0\u00bb url_new_window=\u00a0\u00bboff\u00a0\u00bb animation=\u00a0\u00bbleft\u00a0\u00bb sticky=\u00a0\u00bboff\u00a0\u00bb align=\u00a0\u00bbleft\u00a0\u00bb force_fullwidth=\u00a0\u00bboff\u00a0\u00bb always_center_on_mobile=\u00a0\u00bbon\u00a0\u00bb use_border_color=\u00a0\u00bboff\u00a0\u00bb border_color=\u00a0\u00bb#ffffff\u00a0\u00bb border_style=\u00a0\u00bbsolid\u00a0\u00bb] [\/et_pb_image][\/et_pb_column][et_pb_column type=\u00a0\u00bb1_2&Prime;][et_pb_image admin_label=\u00a0\u00bbImage\u00a0\u00bb src=\u00a0\u00bbhttp:\/\/www.parckruger.com\/wp-content\/uploads\/2015\/07\/Capture-d\u2019\u00e9cran-2015-07-28-\u00e0-12.30.27.png\u00a0\u00bb show_in_lightbox=\u00a0\u00bbon\u00a0\u00bb url_new_window=\u00a0\u00bboff\u00a0\u00bb animation=\u00a0\u00bbleft\u00a0\u00bb sticky=\u00a0\u00bboff\u00a0\u00bb align=\u00a0\u00bbleft\u00a0\u00bb force_fullwidth=\u00a0\u00bboff\u00a0\u00bb always_center_on_mobile=\u00a0\u00bbon\u00a0\u00bb use_border_color=\u00a0\u00bboff\u00a0\u00bb border_color=\u00a0\u00bb#ffffff\u00a0\u00bb border_style=\u00a0\u00bbsolid\u00a0\u00bb] [\/et_pb_image][\/et_pb_column][\/et_pb_row][\/et_pb_section][et_pb_section fullwidth=\u00a0\u00bboff\u00a0\u00bb specialty=\u00a0\u00bboff\u00a0\u00bb transparent_background=\u00a0\u00bboff\u00a0\u00bb background_color=\u00a0\u00bb#000000&Prime; allow_player_pause=\u00a0\u00bboff\u00a0\u00bb inner_shadow=\u00a0\u00bboff\u00a0\u00bb parallax=\u00a0\u00bboff\u00a0\u00bb parallax_method=\u00a0\u00bboff\u00a0\u00bb padding_mobile=\u00a0\u00bboff\u00a0\u00bb make_fullwidth=\u00a0\u00bboff\u00a0\u00bb use_custom_width=\u00a0\u00bboff\u00a0\u00bb width_unit=\u00a0\u00bbon\u00a0\u00bb make_equal=\u00a0\u00bboff\u00a0\u00bb use_custom_gutter=\u00a0\u00bboff\u00a0\u00bb][et_pb_row][et_pb_column type=\u00a0\u00bb1_2&Prime;][et_pb_text admin_label=\u00a0\u00bbTexte\u00a0\u00bb background_layout=\u00a0\u00bblight\u00a0\u00bb text_orientation=\u00a0\u00bbcenter\u00a0\u00bb text_font=\u00a0\u00bb|on|||\u00a0\u00bb text_text_color=\u00a0\u00bb#ffffff\u00a0\u00bb use_border_color=\u00a0\u00bboff\u00a0\u00bb border_color=\u00a0\u00bb#ffffff\u00a0\u00bb border_style=\u00a0\u00bbsolid\u00a0\u00bb]<\/p>\n<p>H\u00c9BERGEMENT\u00a0PR\u00c9C\u00c9DANT<\/p>\n<p>[\/et_pb_text][et_pb_image admin_label=\u00a0\u00bbImage\u00a0\u00bb src=\u00a0\u00bbhttp:\/\/www.parckruger.com\/wp-content\/uploads\/2015\/07\/AVANT.png\u00a0\u00bb title_text=\u00a0\u00bbR\u00c9SERVE PR\u00c9C\u00c9DANTE\u00a0\u00bb show_in_lightbox=\u00a0\u00bboff\u00a0\u00bb url_new_window=\u00a0\u00bboff\u00a0\u00bb animation=\u00a0\u00bbright\u00a0\u00bb sticky=\u00a0\u00bboff\u00a0\u00bb align=\u00a0\u00bbcenter\u00a0\u00bb force_fullwidth=\u00a0\u00bboff\u00a0\u00bb always_center_on_mobile=\u00a0\u00bbon\u00a0\u00bb use_border_color=\u00a0\u00bboff\u00a0\u00bb border_color=\u00a0\u00bb#ffffff\u00a0\u00bb border_style=\u00a0\u00bbsolid\u00a0\u00bb max_width=\u00a0\u00bb250&Prime; url=\u00a0\u00bbhttp:\/\/www.parckruger.com\/bateleur-bushveld\/\u00a0\u00bb] [\/et_pb_image][\/et_pb_column][et_pb_column type=\u00a0\u00bb1_2&Prime;][et_pb_text admin_label=\u00a0\u00bbTexte\u00a0\u00bb background_layout=\u00a0\u00bblight\u00a0\u00bb text_orientation=\u00a0\u00bbcenter\u00a0\u00bb text_text_color=\u00a0\u00bb#ffffff\u00a0\u00bb use_border_color=\u00a0\u00bboff\u00a0\u00bb border_color=\u00a0\u00bb#ffffff\u00a0\u00bb border_style=\u00a0\u00bbsolid\u00a0\u00bb text_font=\u00a0\u00bb|on|||\u00a0\u00bb]<\/p>\n<p>H\u00c9BERGEMENT\u00a0SUIVANT<\/p>\n<p>[\/et_pb_text][et_pb_image admin_label=\u00a0\u00bbImage\u00a0\u00bb src=\u00a0\u00bbhttp:\/\/www.parckruger.com\/wp-content\/uploads\/2015\/07\/APRES.png\u00a0\u00bb title_text=\u00a0\u00bbR\u00c9SERVE SUIVANTE\u00a0\u00bb show_in_lightbox=\u00a0\u00bboff\u00a0\u00bb url_new_window=\u00a0\u00bboff\u00a0\u00bb animation=\u00a0\u00bbleft\u00a0\u00bb sticky=\u00a0\u00bboff\u00a0\u00bb align=\u00a0\u00bbcenter\u00a0\u00bb force_fullwidth=\u00a0\u00bboff\u00a0\u00bb always_center_on_mobile=\u00a0\u00bbon\u00a0\u00bb use_border_color=\u00a0\u00bboff\u00a0\u00bb border_color=\u00a0\u00bb#ffffff\u00a0\u00bb border_style=\u00a0\u00bbsolid\u00a0\u00bb max_width=\u00a0\u00bb250&Prime; url=\u00a0\u00bbhttp:\/\/www.parckruger.com\/biyamiti-bushveld-camp\/\u00a0\u00bb] [\/et_pb_image][\/et_pb_column][\/et_pb_row][\/et_pb_section]<\/p>","protected":false},"excerpt":{"rendered":"<p><div class=\"et_pb_row et_pb_row_0 et_pb_row_empty\">\n\t\t\t\t\n\t\t\t\t\n\t\t\t\t\n\t\t\t\t\n\t\t\t\t\n\t\t\t<\/div> BERG EN DAL CAMP Le camp de Berg en Dal est tr\u00e8s populaire car dans le Kruger, il est l\u2019un des plus r\u00e9cent (construit en 1984).\u00a0 Il est connu car on observe, sur la randonn\u00e9e appel\u00e9e Bushman Trail, des peintures originales de la tribu San.\u00a0 La protection de cette zone historique est tr\u00e8s probablement [&hellip;]<\/p>","protected":false},"author":1,"featured_media":0,"parent":0,"menu_order":0,"comment_status":"open","ping_status":"open","template":"","meta":{"_et_pb_use_builder":"on","_et_pb_old_content":"","_et_gb_content_width":"","footnotes":""},"class_list":["post-593","page","type-page","status-publish","hentry"],"yoast_head":"<!-- This site is optimized with the Yoast SEO plugin v26.5 - https:\/\/yoast.com\/wordpress\/plugins\/seo\/ -->\n<title>BERG EN DAL CAMP - Parc Kruger - Safari Afrique du Sud<\/title>\n<meta name=\"description\" content=\"Toutes les infos sur berg en dal camp au kruger ! D\u00e9couvrez notre avi sur ce logement d&#039;Afrique du Sud, ainsi que ces activit\u00e9s !\" \/>\n<meta name=\"robots\" content=\"index, follow, max-snippet:-1, max-image-preview:large, max-video-preview:-1\" \/>\n<link rel=\"canonical\" href=\"https:\/\/www.parckruger.com\/nl\/berg-en-dal-camp\/\" \/>\n<meta property=\"og:locale\" content=\"nl_NL\" \/>\n<meta property=\"og:type\" content=\"article\" \/>\n<meta property=\"og:title\" content=\"BERG EN DAL CAMP - Parc Kruger - Safari Afrique du Sud\" \/>\n<meta property=\"og:description\" content=\"Toutes les infos sur berg en dal camp au kruger ! D\u00e9couvrez notre avi sur ce logement d&#039;Afrique du Sud, ainsi que ces activit\u00e9s !\" \/>\n<meta property=\"og:url\" content=\"https:\/\/www.parckruger.com\/nl\/berg-en-dal-camp\/\" \/>\n<meta property=\"og:site_name\" content=\"Parc Kruger - Safari Afrique du Sud\" \/>\n<meta property=\"article:modified_time\" content=\"2015-08-18T14:00:55+00:00\" \/>\n<meta name=\"twitter:card\" content=\"summary_large_image\" \/>\n<meta name=\"twitter:label1\" content=\"Geschatte leestijd\" \/>\n\t<meta name=\"twitter:data1\" content=\"6 minuten\" \/>\n<script type=\"application\/ld+json\" class=\"yoast-schema-graph\">{\"@context\":\"https:\/\/schema.org\",\"@graph\":[{\"@type\":\"WebPage\",\"@id\":\"https:\/\/www.parckruger.com\/berg-en-dal-camp\/\",\"url\":\"https:\/\/www.parckruger.com\/berg-en-dal-camp\/\",\"name\":\"BERG EN DAL CAMP - Parc Kruger - Safari Afrique du Sud\",\"isPartOf\":{\"@id\":\"https:\/\/www.parckruger.com\/#website\"},\"datePublished\":\"2015-07-28T14:13:58+00:00\",\"dateModified\":\"2015-08-18T14:00:55+00:00\",\"description\":\"Toutes les infos sur berg en dal camp au kruger ! D\u00e9couvrez notre avi sur ce logement d'Afrique du Sud, ainsi que ces activit\u00e9s !\",\"breadcrumb\":{\"@id\":\"https:\/\/www.parckruger.com\/berg-en-dal-camp\/#breadcrumb\"},\"inLanguage\":\"nl-NL\",\"potentialAction\":[{\"@type\":\"ReadAction\",\"target\":[\"https:\/\/www.parckruger.com\/berg-en-dal-camp\/\"]}]},{\"@type\":\"BreadcrumbList\",\"@id\":\"https:\/\/www.parckruger.com\/berg-en-dal-camp\/#breadcrumb\",\"itemListElement\":[{\"@type\":\"ListItem\",\"position\":1,\"name\":\"Accueil\",\"item\":\"https:\/\/www.parckruger.com\/\"},{\"@type\":\"ListItem\",\"position\":2,\"name\":\"BERG EN DAL CAMP\"}]},{\"@type\":\"WebSite\",\"@id\":\"https:\/\/www.parckruger.com\/#website\",\"url\":\"https:\/\/www.parckruger.com\/\",\"name\":\"Parc Kruger - Safari Afrique du Sud\",\"description\":\"Toutes les infos utiles sur le parc Kruger en Afrique du sud, hotel et lodges, m\u00e9t\u00e9o et climat, prix d&#039;entr\u00e9e, vaccins, malaria, safaris, r\u00e9serves, cartes, plans et itin\u00e9raires.\",\"potentialAction\":[{\"@type\":\"SearchAction\",\"target\":{\"@type\":\"EntryPoint\",\"urlTemplate\":\"https:\/\/www.parckruger.com\/?s={search_term_string}\"},\"query-input\":{\"@type\":\"PropertyValueSpecification\",\"valueRequired\":true,\"valueName\":\"search_term_string\"}}],\"inLanguage\":\"nl-NL\"}]}<\/script>\n<!-- \/ Yoast SEO plugin. -->","yoast_head_json":{"title":"BERG EN DAL CAMP - Parc Kruger - Safari Afrique du Sud","description":"Toutes les infos sur berg en dal camp au kruger ! D\u00e9couvrez notre avi sur ce logement d'Afrique du Sud, ainsi que ces activit\u00e9s !","robots":{"index":"index","follow":"follow","max-snippet":"max-snippet:-1","max-image-preview":"max-image-preview:large","max-video-preview":"max-video-preview:-1"},"canonical":"https:\/\/www.parckruger.com\/nl\/berg-en-dal-camp\/","og_locale":"nl_NL","og_type":"article","og_title":"BERG EN DAL CAMP - Parc Kruger - Safari Afrique du Sud","og_description":"Toutes les infos sur berg en dal camp au kruger ! D\u00e9couvrez notre avi sur ce logement d'Afrique du Sud, ainsi que ces activit\u00e9s !","og_url":"https:\/\/www.parckruger.com\/nl\/berg-en-dal-camp\/","og_site_name":"Parc Kruger - Safari Afrique du Sud","article_modified_time":"2015-08-18T14:00:55+00:00","twitter_card":"summary_large_image","twitter_misc":{"Geschatte leestijd":"6 minuten"},"schema":{"@context":"https:\/\/schema.org","@graph":[{"@type":"WebPage","@id":"https:\/\/www.parckruger.com\/berg-en-dal-camp\/","url":"https:\/\/www.parckruger.com\/berg-en-dal-camp\/","name":"BERG EN DAL CAMP - Parc Kruger - Safari Afrique du Sud","isPartOf":{"@id":"https:\/\/www.parckruger.com\/#website"},"datePublished":"2015-07-28T14:13:58+00:00","dateModified":"2015-08-18T14:00:55+00:00","description":"Toutes les infos sur berg en dal camp au kruger ! D\u00e9couvrez notre avi sur ce logement d'Afrique du Sud, ainsi que ces activit\u00e9s !","breadcrumb":{"@id":"https:\/\/www.parckruger.com\/berg-en-dal-camp\/#breadcrumb"},"inLanguage":"nl-NL","potentialAction":[{"@type":"ReadAction","target":["https:\/\/www.parckruger.com\/berg-en-dal-camp\/"]}]},{"@type":"BreadcrumbList","@id":"https:\/\/www.parckruger.com\/berg-en-dal-camp\/#breadcrumb","itemListElement":[{"@type":"ListItem","position":1,"name":"Accueil","item":"https:\/\/www.parckruger.com\/"},{"@type":"ListItem","position":2,"name":"BERG EN DAL CAMP"}]},{"@type":"WebSite","@id":"https:\/\/www.parckruger.com\/#website","url":"https:\/\/www.parckruger.com\/","name":"Parc Kruger - Safari Afrique du Sud","description":"Toutes les infos utiles sur le parc Kruger en Afrique du sud, hotel et lodges, m\u00e9t\u00e9o et climat, prix d&#039;entr\u00e9e, vaccins, malaria, safaris, r\u00e9serves, cartes, plans et itin\u00e9raires.","potentialAction":[{"@type":"SearchAction","target":{"@type":"EntryPoint","urlTemplate":"https:\/\/www.parckruger.com\/?s={search_term_string}"},"query-input":{"@type":"PropertyValueSpecification","valueRequired":true,"valueName":"search_term_string"}}],"inLanguage":"nl-NL"}]}},"_links":{"self":[{"href":"https:\/\/www.parckruger.com\/nl\/wp-json\/wp\/v2\/pages\/593","targetHints":{"allow":["GET"]}}],"collection":[{"href":"https:\/\/www.parckruger.com\/nl\/wp-json\/wp\/v2\/pages"}],"about":[{"href":"https:\/\/www.parckruger.com\/nl\/wp-json\/wp\/v2\/types\/page"}],"author":[{"embeddable":true,"href":"https:\/\/www.parckruger.com\/nl\/wp-json\/wp\/v2\/users\/1"}],"replies":[{"embeddable":true,"href":"https:\/\/www.parckruger.com\/nl\/wp-json\/wp\/v2\/comments?post=593"}],"version-history":[{"count":7,"href":"https:\/\/www.parckruger.com\/nl\/wp-json\/wp\/v2\/pages\/593\/revisions"}],"predecessor-version":[{"id":1575,"href":"https:\/\/www.parckruger.com\/nl\/wp-json\/wp\/v2\/pages\/593\/revisions\/1575"}],"wp:attachment":[{"href":"https:\/\/www.parckruger.com\/nl\/wp-json\/wp\/v2\/media?parent=593"}],"curies":[{"name":"wp","href":"https:\/\/api.w.org\/{rel}","templated":true}]}}